{"id":1342,"date":"2026-03-18T14:44:10","date_gmt":"2026-03-18T13:44:10","guid":{"rendered":"https:\/\/fr-scv.fr\/?page_id=1342"},"modified":"2026-04-16T10:49:46","modified_gmt":"2026-04-16T08:49:46","slug":"gip-costumes","status":"publish","type":"page","link":"https:\/\/fr-scv.fr\/?page_id=1342","title":{"rendered":"GIP Costumes"},"content":{"rendered":"\n<!-- Delete Title without editing theme -->\n<script>\n    document.querySelector('.entry-header').remove();\n<\/script>\n \n<h1>Costumes<\/h1>\n\n<p>\nLe deuxi\u00e8me interm\u00e8de des <em>Trois cousines<\/em> de Dancourt, choisi pour la r\u00e9alisation de ce projet, met en sc\u00e8ne des boh\u00e9mien.ne.s.\nAucune archive pr\u00e9cise concernant les costumes utilis\u00e9s \u00e0 Valenciennes n\u2019a cependant \u00e9t\u00e9 retrouv\u00e9e.\nUn travail de recherche historique, avec l\u2019appui de Petra Dotlacilova et Micka\u00ebl Bouffard, a permis de rassembler des maquettes ou \u00e9l\u00e9ments iconographiques\nsur les costumes de boh\u00e9mien.ne.s utilis\u00e9s sur les sc\u00e8nes fran\u00e7aises et europ\u00e9ennes de la fin du XVII<sup>e<\/sup> si\u00e8cle aux ann\u00e9es 1780.\nC\u2019est \u00e0 partir de ces \u00e9l\u00e9ments que nous avons propos\u00e9 une hypoth\u00e8se de restitution des costumes de cet interm\u00e8de.\n<\/p>\n\n\n\n<h2>Costumes de Boh\u00e9mienne<\/h2>\n<p>\nLe motif des rayures revient de mani\u00e8re r\u00e9currente et a servi de base pour la conception des costumes.\nConcernant les couleurs, notre choix s\u2019est orient\u00e9 vers une combinaison de rose, bois, vert qui semble assez typique\ndes mat\u00e9riaux historiques collect\u00e9s.\n<\/p>\n\n\n\n\n<figure class=\"wp-block-gallery has-nested-images columns-default is-cropped wp-block-gallery-1 is-layout-flex wp-block-gallery-is-layout-flex\">\n<figure class=\"wp-block-image size-large\"><img loading=\"lazy\" decoding=\"async\" width=\"628\" height=\"1024\" data-id=\"1666\" src=\"https:\/\/fr-scv.fr\/wp-content\/uploads\/2026\/04\/1680c_La_Bohemienne_estampe_Bonnart_Robert-628x1024.jpeg\" alt=\"\" class=\"wp-image-1666\" srcset=\"https:\/\/fr-scv.fr\/wp-content\/uploads\/2026\/04\/1680c_La_Bohemienne_estampe_Bonnart_Robert-628x1024.jpeg 628w, https:\/\/fr-scv.fr\/wp-content\/uploads\/2026\/04\/1680c_La_Bohemienne_estampe_Bonnart_Robert-184x300.jpeg 184w, https:\/\/fr-scv.fr\/wp-content\/uploads\/2026\/04\/1680c_La_Bohemienne_estampe_Bonnart_Robert-768x1253.jpeg 768w, https:\/\/fr-scv.fr\/wp-content\/uploads\/2026\/04\/1680c_La_Bohemienne_estampe_Bonnart_Robert-942x1536.jpeg 942w, https:\/\/fr-scv.fr\/wp-content\/uploads\/2026\/04\/1680c_La_Bohemienne_estampe_Bonnart_Robert.jpeg 960w\" sizes=\"auto, (max-width: 628px) 100vw, 628px\" \/><\/figure>\n\n\n\n<figure class=\"wp-block-image size-large\"><img loading=\"lazy\" decoding=\"async\" width=\"539\" height=\"710\" data-id=\"1668\" src=\"https:\/\/fr-scv.fr\/wp-content\/uploads\/2026\/04\/bohemienne.png\" alt=\"\" class=\"wp-image-1668\" srcset=\"https:\/\/fr-scv.fr\/wp-content\/uploads\/2026\/04\/bohemienne.png 539w, https:\/\/fr-scv.fr\/wp-content\/uploads\/2026\/04\/bohemienne-228x300.png 228w\" sizes=\"auto, (max-width: 539px) 100vw, 539px\" \/><\/figure>\n<\/figure>\n\n\n\n\n\n<h2>Costumes de Boh\u00e9mien<\/h2>\n<p>\nPour les costumes d\u2019hommes, notre choix s\u2019est port\u00e9 sur une culotte plut\u00f4t qu\u2019un tonnelet comme sur les dessins de Boquet,\nmoins utilis\u00e9 dans les ann\u00e9es 1780, dans l\u2019esprit d\u2019un costume de Boh\u00e9mien conserv\u00e9 \u00e0 Stockholm qui date de cette m\u00eame p\u00e9riode :\n\n\n\n<div class=\"wp-block-columns is-layout-flex wp-container-core-columns-is-layout-9d6595d7 wp-block-columns-is-layout-flex\">\n<div class=\"wp-block-column is-layout-flow wp-block-column-is-layout-flow\"><\/div>\n\n\n\n<div class=\"wp-block-column is-layout-flow wp-block-column-is-layout-flow\" style=\"flex-basis:100%\">\n<figure class=\"wp-block-gallery has-nested-images columns-default is-cropped wp-block-gallery-2 is-layout-flex wp-block-gallery-is-layout-flex\">\n<figure class=\"wp-block-image size-large\"><img loading=\"lazy\" decoding=\"async\" width=\"820\" height=\"1024\" data-id=\"1651\" src=\"https:\/\/fr-scv.fr\/wp-content\/uploads\/2026\/04\/2565cb01-6c82-4d18-a4e2-40adbd984302-1-820x1024.jpeg\" alt=\"\" class=\"wp-image-1651\" srcset=\"https:\/\/fr-scv.fr\/wp-content\/uploads\/2026\/04\/2565cb01-6c82-4d18-a4e2-40adbd984302-1-820x1024.jpeg 820w, https:\/\/fr-scv.fr\/wp-content\/uploads\/2026\/04\/2565cb01-6c82-4d18-a4e2-40adbd984302-1-240x300.jpeg 240w, https:\/\/fr-scv.fr\/wp-content\/uploads\/2026\/04\/2565cb01-6c82-4d18-a4e2-40adbd984302-1-768x960.jpeg 768w, https:\/\/fr-scv.fr\/wp-content\/uploads\/2026\/04\/2565cb01-6c82-4d18-a4e2-40adbd984302-1-1229x1536.jpeg 1229w, https:\/\/fr-scv.fr\/wp-content\/uploads\/2026\/04\/2565cb01-6c82-4d18-a4e2-40adbd984302-1-1639x2048.jpeg 1639w, https:\/\/fr-scv.fr\/wp-content\/uploads\/2026\/04\/2565cb01-6c82-4d18-a4e2-40adbd984302-1.jpeg 1921w\" sizes=\"auto, (max-width: 767px) 89vw, (max-width: 1000px) 54vw, (max-width: 1071px) 543px, 580px\" \/><\/figure>\n\n\n\n<figure class=\"wp-block-image size-large\"><img loading=\"lazy\" decoding=\"async\" width=\"820\" height=\"1024\" data-id=\"1649\" src=\"https:\/\/fr-scv.fr\/wp-content\/uploads\/2026\/04\/c96930c6-6392-4047-8aec-3e8a383e39cc-820x1024.jpeg\" alt=\"\" class=\"wp-image-1649\" srcset=\"https:\/\/fr-scv.fr\/wp-content\/uploads\/2026\/04\/c96930c6-6392-4047-8aec-3e8a383e39cc-820x1024.jpeg 820w, https:\/\/fr-scv.fr\/wp-content\/uploads\/2026\/04\/c96930c6-6392-4047-8aec-3e8a383e39cc-240x300.jpeg 240w, https:\/\/fr-scv.fr\/wp-content\/uploads\/2026\/04\/c96930c6-6392-4047-8aec-3e8a383e39cc-768x960.jpeg 768w, https:\/\/fr-scv.fr\/wp-content\/uploads\/2026\/04\/c96930c6-6392-4047-8aec-3e8a383e39cc-1229x1536.jpeg 1229w, https:\/\/fr-scv.fr\/wp-content\/uploads\/2026\/04\/c96930c6-6392-4047-8aec-3e8a383e39cc-1639x2048.jpeg 1639w, https:\/\/fr-scv.fr\/wp-content\/uploads\/2026\/04\/c96930c6-6392-4047-8aec-3e8a383e39cc.jpeg 1921w\" sizes=\"auto, (max-width: 767px) 89vw, (max-width: 1000px) 54vw, (max-width: 1071px) 543px, 580px\" \/><\/figure>\n\n\n\n<figure class=\"wp-block-image size-large\"><img loading=\"lazy\" decoding=\"async\" width=\"760\" height=\"949\" data-id=\"1656\" src=\"https:\/\/fr-scv.fr\/wp-content\/uploads\/2026\/04\/4a64e00d-8042-4e86-8d0e-66000ef80a95-medium.jpeg\" alt=\"\" class=\"wp-image-1656\" srcset=\"https:\/\/fr-scv.fr\/wp-content\/uploads\/2026\/04\/4a64e00d-8042-4e86-8d0e-66000ef80a95-medium.jpeg 760w, https:\/\/fr-scv.fr\/wp-content\/uploads\/2026\/04\/4a64e00d-8042-4e86-8d0e-66000ef80a95-medium-240x300.jpeg 240w\" sizes=\"auto, (max-width: 706px) 89vw, (max-width: 767px) 82vw, 740px\" \/><\/figure>\n<\/figure>\n<\/div>\n<\/div>\n\n\n\n<div class=\"wp-block-group is-nowrap is-layout-flex wp-container-core-group-is-layout-ad2f72ca wp-block-group-is-layout-flex\"><\/div>\n\n\n\n<h1 class=\"wp-block-heading\"><\/h1>\n\n\n\n<p>(les rayures sont cr\u00e9\u00e9es avec des tissus d\u00e9coup\u00e9s \/ rubans, une pratique tr\u00e8s commune pour le costume du th\u00e9\u00e2tre).<\/p>\n\n\n\n<p>Les Boh\u00e9miens, femmes et hommes, ont la caract\u00e9ristique d\u2019avoir \u00e0 la main un tambourin comme le pr\u00e9cise Auguste Ferr\u00e8re au sein du manuscrit.<\/p>\n\n\n<div class=\"wp-block-image\">\n<figure class=\"aligncenter size-large\"><img loading=\"lazy\" decoding=\"async\" width=\"1024\" height=\"576\" src=\"http:\/\/fr-scv.fr\/wp-content\/uploads\/2026\/03\/Costumes_1-1024x576.jpg\" alt=\"\" class=\"wp-image-1370\" srcset=\"https:\/\/fr-scv.fr\/wp-content\/uploads\/2026\/03\/Costumes_1-1024x576.jpg 1024w, https:\/\/fr-scv.fr\/wp-content\/uploads\/2026\/03\/Costumes_1-300x169.jpg 300w, https:\/\/fr-scv.fr\/wp-content\/uploads\/2026\/03\/Costumes_1-768x432.jpg 768w, https:\/\/fr-scv.fr\/wp-content\/uploads\/2026\/03\/Costumes_1-1536x864.jpg 1536w, https:\/\/fr-scv.fr\/wp-content\/uploads\/2026\/03\/Costumes_1-2048x1152.jpg 2048w\" sizes=\"auto, (max-width: 767px) 89vw, (max-width: 1000px) 54vw, (max-width: 1071px) 543px, 580px\" \/><\/figure>\n<\/div>\n\n<div class=\"wp-block-image\">\n<figure class=\"aligncenter size-large\"><img loading=\"lazy\" decoding=\"async\" width=\"1024\" height=\"576\" src=\"http:\/\/fr-scv.fr\/wp-content\/uploads\/2026\/03\/Costumes_2-1024x576.jpg\" alt=\"\" class=\"wp-image-1371\" srcset=\"https:\/\/fr-scv.fr\/wp-content\/uploads\/2026\/03\/Costumes_2-1024x576.jpg 1024w, https:\/\/fr-scv.fr\/wp-content\/uploads\/2026\/03\/Costumes_2-300x169.jpg 300w, https:\/\/fr-scv.fr\/wp-content\/uploads\/2026\/03\/Costumes_2-768x432.jpg 768w, https:\/\/fr-scv.fr\/wp-content\/uploads\/2026\/03\/Costumes_2-1536x864.jpg 1536w, https:\/\/fr-scv.fr\/wp-content\/uploads\/2026\/03\/Costumes_2-2048x1152.jpg 2048w\" sizes=\"auto, (max-width: 767px) 89vw, (max-width: 1000px) 54vw, (max-width: 1071px) 543px, 580px\" \/><\/figure>\n<\/div>","protected":false},"excerpt":{"rendered":"<p>Costumes Le deuxi\u00e8me interm\u00e8de des Trois cousines de Dancourt, choisi pour la r\u00e9alisation de ce projet, met en sc\u00e8ne des boh\u00e9mien.ne.s. Aucune archive pr\u00e9cise concernant les costumes utilis\u00e9s \u00e0 Valenciennes n\u2019a cependant \u00e9t\u00e9 retrouv\u00e9e. Un travail de recherche historique, avec l\u2019appui de Petra Dotlacilova et Micka\u00ebl Bouffard, a permis de rassembler des maquettes ou \u00e9l\u00e9ments &hellip; <\/p>\n<p class=\"link-more\"><a href=\"https:\/\/fr-scv.fr\/?page_id=1342\" class=\"more-link\">Continuer la lecture<span class=\"screen-reader-text\"> de &laquo;&nbsp;GIP Costumes&nbsp;&raquo;<\/span><\/a><\/p>\n","protected":false},"author":4,"featured_media":0,"parent":0,"menu_order":0,"comment_status":"closed","ping_status":"closed","template":"","meta":{"footnotes":""},"class_list":["post-1342","page","type-page","status-publish","hentry"],"_links":{"self":[{"href":"https:\/\/fr-scv.fr\/index.php?rest_route=\/wp\/v2\/pages\/1342","targetHints":{"allow":["GET"]}}],"collection":[{"href":"https:\/\/fr-scv.fr\/index.php?rest_route=\/wp\/v2\/pages"}],"about":[{"href":"https:\/\/fr-scv.fr\/index.php?rest_route=\/wp\/v2\/types\/page"}],"author":[{"embeddable":true,"href":"https:\/\/fr-scv.fr\/index.php?rest_route=\/wp\/v2\/users\/4"}],"replies":[{"embeddable":true,"href":"https:\/\/fr-scv.fr\/index.php?rest_route=%2Fwp%2Fv2%2Fcomments&post=1342"}],"version-history":[{"count":25,"href":"https:\/\/fr-scv.fr\/index.php?rest_route=\/wp\/v2\/pages\/1342\/revisions"}],"predecessor-version":[{"id":1669,"href":"https:\/\/fr-scv.fr\/index.php?rest_route=\/wp\/v2\/pages\/1342\/revisions\/1669"}],"wp:attachment":[{"href":"https:\/\/fr-scv.fr\/index.php?rest_route=%2Fwp%2Fv2%2Fmedia&parent=1342"}],"curies":[{"name":"wp","href":"https:\/\/api.w.org\/{rel}","templated":true}]}}