{"id":1399,"date":"2026-03-18T17:00:33","date_gmt":"2026-03-18T16:00:33","guid":{"rendered":"https:\/\/fr-scv.fr\/?page_id=1399"},"modified":"2026-04-21T10:21:14","modified_gmt":"2026-04-21T08:21:14","slug":"gip-mediation","status":"publish","type":"page","link":"https:\/\/fr-scv.fr\/?page_id=1399","title":{"rendered":"GIP M\u00e9diation"},"content":{"rendered":"\n<!-- Delete Title without editing theme -->\n<script>\n    document.querySelector('.entry-header').remove();\n<\/script>\n\n<style>\n    p {\n        font-size: 15px;\n        text-align: justify !important;\n    }\n<\/style>\n\n\n\n<h1 class=\"wp-block-heading has-text-align-center\">M\u00e9diation<\/h1>\n\n\n\n<h1 class=\"wp-block-heading\">Conf\u00e9rence-spectacle au Conservatoire de Lille 13 mars 2025<\/h1>\n\n\n\n<div class=\"video-container\">\n    <iframe\n        src=\"https:\/\/pod.univ-lille.fr\/video\/46857-get-in-past-conservatoire-de-lille-13-mars-2025mp4\/4db25a2b-35c7-478d-b7ed-97a6828ecd13\/?is_iframe=true\"\n        allowfullscreen title=\"Get In Past -Conservatoire de Lille- 13 mars 2025.mp4\"><\/iframe>\n<\/div>\n\n\n\n<h1 class=\"wp-block-heading\">L&rsquo;Isle des foux vid\u00e9o mapping au Vid\u00e9o Mapping Festival, 4 et 5 avril 2025<\/h1>\n\n\n\n<div class=\"wp-block-media-text has-media-on-the-right is-stacked-on-mobile is-vertically-aligned-center\"><div class=\"wp-block-media-text__content\">\n<h2 class=\"wp-block-heading has-text-align-center\">L&rsquo;Isle des foux<\/h2>\n\n\n\n<p class=\"has-text-align-center\">L&rsquo;oeuvre artistique trouve son origine dans les partitions chor\u00e9graphiques, ou notations de danses, du XVIIIe si\u00e8cle. Int\u00e9gr\u00e9es aux arts num\u00e9riques et interpr\u00e9t\u00e9es par des agents virtuels, elle nous offre une exp\u00e9rience collective renouvel\u00e9e.<\/p>\n\n\n\n<p class=\"has-text-align-center\">Cr\u00e9ation artistique L&rsquo;Isle des Foux<br>&#8211; Pablo Gracias (direction artistique)<br>&#8211; Nicolas Camarty (animation 3D)<br>&#8211; G\u00e9raldine Kwik (cr\u00e9ation sonore)<br>&#8211; Projet de recherche Get-In-Past<br>&#8211; Guillaume Jablonka (Cie Divertimenty)<br>&#8211; Ludivine Panzani (UMR 8529 IRHIS)<br>&#8211; Pierre-Henry Bas, Ali Boulgsoa (FR SCV)<\/p>\n\n\n\n<p class=\"has-text-align-center\">L&rsquo;Isle des Foux est inspir\u00e9e par le projet de recherche Get-In-Past, un travail scientifique alliant histoire de la danse et technologies num\u00e9riques avanc\u00e9es, afin de redonner vie aux danses baroques du XVIIIe si\u00e8cle. Cette \u0153uvre est une contredanse, dans\u00e9e \u00e0 8, dont les pas ont r\u00e9sonn\u00e9 aussi bien dans l&rsquo;\u00e9clat des salons que sur les pav\u00e9s des bals populaires, gr\u00e2ce \u00e0 la diffusion de sa partition chor\u00e9graphique. Cette cr\u00e9ation audiovisuelle r\u00e9invente cette partition, sa m\u00e9moire et esquisse son avenir, comme une danse suspendue entre les \u00e9poques.<\/p>\n\n\n\n<p>Soutenu par l&rsquo;Union Europ\u00e9enne et la R\u00e9gion Hauts-de-France (fonds FEDER HDF003432) et port\u00e9 par la F\u00e9d\u00e9ration de Recherche SCV (CNRS et Universit\u00e9 de Lille), le projet Get-In-Past b\u00e9n\u00e9ficie d&rsquo;une collaboration avec le Conservatoire \u00e0 Rayonnement R\u00e9gional de Lilie pour la captation des mouvements de danse et l&rsquo;enregistrement de la musique originale sur instruments anciens, en partenariat avec NewAtlantis et Rencontres Audiovisuelles.<\/p>\n<\/div><figure class=\"wp-block-media-text__media\"><img loading=\"lazy\" decoding=\"async\" width=\"724\" height=\"1024\" src=\"http:\/\/fr-scv.fr\/wp-content\/uploads\/2026\/03\/LISLE-DES-FOUX_A4.v9-724x1024.jpg\" alt=\"\" class=\"wp-image-1408 size-full\" srcset=\"https:\/\/fr-scv.fr\/wp-content\/uploads\/2026\/03\/LISLE-DES-FOUX_A4.v9-724x1024.jpg 724w, https:\/\/fr-scv.fr\/wp-content\/uploads\/2026\/03\/LISLE-DES-FOUX_A4.v9-212x300.jpg 212w, https:\/\/fr-scv.fr\/wp-content\/uploads\/2026\/03\/LISLE-DES-FOUX_A4.v9-768x1086.jpg 768w, https:\/\/fr-scv.fr\/wp-content\/uploads\/2026\/03\/LISLE-DES-FOUX_A4.v9-1086x1536.jpg 1086w, https:\/\/fr-scv.fr\/wp-content\/uploads\/2026\/03\/LISLE-DES-FOUX_A4.v9-1448x2048.jpg 1448w, https:\/\/fr-scv.fr\/wp-content\/uploads\/2026\/03\/LISLE-DES-FOUX_A4.v9-scaled.jpg 1811w\" sizes=\"auto, (max-width: 724px) 100vw, 724px\" \/><\/figure><\/div>\n\n\n\n<h3 class=\"wp-block-heading\">Vid\u00e9o du Vid\u00e9o Mapping Festival par les Rencontres Audiovisuelles<\/h3>\n\n\n\n<div class=\"video-container\">\n    <iframe\n        src=\"https:\/\/pod.univ-lille.fr\/video\/46816-get_in_past_video_mapping_festival_8___lisle_des_foux_la_voix_du_nord_lille_france_-_avril_2025-1080pmp4\/57a76cde-babc-453c-9260-1b8818b7bf2a\/?is_iframe=true\"\n        allowfullscreen\n        title=\"Get_In_Past_video_mapping_festival_#8___l\u2019isle_des_foux,_la_voix_du_nord,_lille,_france_-_avril_2025 (1080p).mp4\"><\/iframe>\n<\/div>\n\n\n\n<h3 class=\"wp-block-heading\">Vid\u00e9o du Vid\u00e9o Mapping par la FR-SCV<\/h3>\n\n\n\n<div class=\"video-container\">\n    <iframe\n        src=\"https:\/\/pod.univ-lille.fr\/video\/46817-get_in_past_video_mapping-lille-lisle-des-foux-frscvmp4\/a7c12702-8722-464a-ada1-fcec69c74952\/?is_iframe=true\"\n        title=\"Get_In_Past_Video_Mapping Lille L'Isle des Foux-FRSCV.mp4\"><\/iframe>\n<\/div>\n","protected":false},"excerpt":{"rendered":"<p>M\u00e9diation Conf\u00e9rence-spectacle au Conservatoire de Lille 13 mars 2025 L&rsquo;Isle des foux vid\u00e9o mapping au Vid\u00e9o Mapping Festival, 4 et 5 avril 2025 L&rsquo;Isle des foux L&rsquo;oeuvre artistique trouve son origine dans les partitions chor\u00e9graphiques, ou notations de danses, du XVIIIe si\u00e8cle. Int\u00e9gr\u00e9es aux arts num\u00e9riques et interpr\u00e9t\u00e9es par des agents virtuels, elle nous offre &hellip; <\/p>\n<p class=\"link-more\"><a href=\"https:\/\/fr-scv.fr\/?page_id=1399\" class=\"more-link\">Continuer la lecture<span class=\"screen-reader-text\"> de &laquo;&nbsp;GIP M\u00e9diation&nbsp;&raquo;<\/span><\/a><\/p>\n","protected":false},"author":4,"featured_media":0,"parent":0,"menu_order":0,"comment_status":"closed","ping_status":"closed","template":"","meta":{"footnotes":""},"class_list":["post-1399","page","type-page","status-publish","hentry"],"_links":{"self":[{"href":"https:\/\/fr-scv.fr\/index.php?rest_route=\/wp\/v2\/pages\/1399","targetHints":{"allow":["GET"]}}],"collection":[{"href":"https:\/\/fr-scv.fr\/index.php?rest_route=\/wp\/v2\/pages"}],"about":[{"href":"https:\/\/fr-scv.fr\/index.php?rest_route=\/wp\/v2\/types\/page"}],"author":[{"embeddable":true,"href":"https:\/\/fr-scv.fr\/index.php?rest_route=\/wp\/v2\/users\/4"}],"replies":[{"embeddable":true,"href":"https:\/\/fr-scv.fr\/index.php?rest_route=%2Fwp%2Fv2%2Fcomments&post=1399"}],"version-history":[{"count":47,"href":"https:\/\/fr-scv.fr\/index.php?rest_route=\/wp\/v2\/pages\/1399\/revisions"}],"predecessor-version":[{"id":1682,"href":"https:\/\/fr-scv.fr\/index.php?rest_route=\/wp\/v2\/pages\/1399\/revisions\/1682"}],"wp:attachment":[{"href":"https:\/\/fr-scv.fr\/index.php?rest_route=%2Fwp%2Fv2%2Fmedia&parent=1399"}],"curies":[{"name":"wp","href":"https:\/\/api.w.org\/{rel}","templated":true}]}}